{"id":5389,"date":"2017-12-07T10:08:44","date_gmt":"2017-12-07T08:08:44","guid":{"rendered":"https:\/\/www.rarom.ro\/?page_id=5389"},"modified":"2017-12-08T10:17:50","modified_gmt":"2017-12-08T08:17:50","slug":"interviu","status":"publish","type":"page","link":"https:\/\/www.rarom.ro\/?page_id=5389","title":{"rendered":"Interviu"},"content":{"rendered":"<p><strong>Mihai Morar<\/strong><\/p>\n<p><a href=\"https:\/\/www.rarom.ro\/wp-content\/uploads\/2017\/12\/Interviu_mare231-1.jpg\"><img loading=\"lazy\" decoding=\"async\" class=\"aligncenter size-full wp-image-5445\" src=\"https:\/\/www.rarom.ro\/wp-content\/uploads\/2017\/12\/Interviu_mare231-1.jpg\" alt=\"\" width=\"730\" height=\"450\" srcset=\"https:\/\/www.rarom.ro\/wp-content\/uploads\/2017\/12\/Interviu_mare231-1.jpg 730w, https:\/\/www.rarom.ro\/wp-content\/uploads\/2017\/12\/Interviu_mare231-1-300x185.jpg 300w\" sizes=\"auto, (max-width: 730px) 100vw, 730px\" \/><\/a><\/p>\n<p><a href=\"https:\/\/www.rarom.ro\/wp-content\/uploads\/2017\/12\/Interviu_pagini231.jpg\"><img loading=\"lazy\" decoding=\"async\" class=\"size-full wp-image-5392 alignleft\" src=\"https:\/\/www.rarom.ro\/wp-content\/uploads\/2017\/12\/Interviu_pagini231.jpg\" alt=\"\" width=\"250\" height=\"165\" \/><\/a>La semafor vezi \u015foferi c\u00e2sc\u00e2nd cu poft\u0103, cu ochii c\u00e2rpi\u0163i de somn. Este pu\u0163in trecut de \u015fase \u015fi jum\u0103tate \u015fi Bucure\u015ftiul se treze\u015fte greu, dup\u0103 o noapte friguroas\u0103. Numai la radio este veselie. Matinalii de la Zu, Buzdu \u015fi Morar, sunt \u00een mare form\u0103. Ca \u00een fiecare zi. R\u00e2d, se tachineaz\u0103, glumesc cu ascult\u0103torii, ofer\u0103 muzic\u0103 de calitate. \u015ei povestesc&#8230; Mihai Morar \u00ee\u015fi aduce aminte de vacan\u0163\u0103. \u015ei-a luat familia, a \u00eenchiriat o autorulot\u0103 \u015fi a plecat s\u0103 colinde Europa. La finalul c\u0103l\u0103toriei a povestit \u00een Auto Test Magazin prin ce aventuri a trecut. [&#8230;]<\/p>\n","protected":false},"excerpt":{"rendered":"<p>Mihai Morar La semafor vezi \u015foferi c\u00e2sc\u00e2nd cu poft\u0103, cu ochii c\u00e2rpi\u0163i de somn. Este pu\u0163in trecut de \u015fase \u015fi jum\u0103tate \u015fi Bucure\u015ftiul se treze\u015fte greu, dup\u0103 o noapte friguroas\u0103. Numai la radio este veselie. Matinalii de la Zu, Buzdu \u015fi Morar, sunt \u00een mare form\u0103. Ca \u00een fiecare zi. R\u00e2d, se tachineaz\u0103, glumesc cu [&hellip;]<\/p>\n","protected":false},"author":3,"featured_media":0,"parent":5342,"menu_order":2,"comment_status":"closed","ping_status":"closed","template":"","meta":{"_acf_changed":false,"footnotes":""},"class_list":["post-5389","page","type-page","status-publish","hentry"],"acf":[],"_links":{"self":[{"href":"https:\/\/www.rarom.ro\/index.php?rest_route=\/wp\/v2\/pages\/5389","targetHints":{"allow":["GET"]}}],"collection":[{"href":"https:\/\/www.rarom.ro\/index.php?rest_route=\/wp\/v2\/pages"}],"about":[{"href":"https:\/\/www.rarom.ro\/index.php?rest_route=\/wp\/v2\/types\/page"}],"author":[{"embeddable":true,"href":"https:\/\/www.rarom.ro\/index.php?rest_route=\/wp\/v2\/users\/3"}],"replies":[{"embeddable":true,"href":"https:\/\/www.rarom.ro\/index.php?rest_route=%2Fwp%2Fv2%2Fcomments&post=5389"}],"version-history":[{"count":2,"href":"https:\/\/www.rarom.ro\/index.php?rest_route=\/wp\/v2\/pages\/5389\/revisions"}],"predecessor-version":[{"id":5447,"href":"https:\/\/www.rarom.ro\/index.php?rest_route=\/wp\/v2\/pages\/5389\/revisions\/5447"}],"up":[{"embeddable":true,"href":"https:\/\/www.rarom.ro\/index.php?rest_route=\/wp\/v2\/pages\/5342"}],"wp:attachment":[{"href":"https:\/\/www.rarom.ro\/index.php?rest_route=%2Fwp%2Fv2%2Fmedia&parent=5389"}],"curies":[{"name":"wp","href":"https:\/\/api.w.org\/{rel}","templated":true}]}}