{"id":278,"date":"2015-10-15T13:32:09","date_gmt":"2015-10-15T13:32:09","guid":{"rendered":"https:\/\/www.rarom.ro\/?post_type=management&#038;p=278"},"modified":"2025-06-18T13:38:15","modified_gmt":"2025-06-18T10:38:15","slug":"ing-cristian-viorel-bucur","status":"publish","type":"management","link":"https:\/\/www.rarom.ro\/?management=ing-cristian-viorel-bucur","title":{"rendered":"Ing. Cristian Viorel BUCUR"},"content":{"rendered":"<p>&nbsp;<\/p>\n<table class=\"table\" border=\"0\" width=\"100%\" cellspacing=\"10\">\n<tbody>\n<tr valign=\"top\">\n<td colspan=\"2\"><strong><span style=\"font-size: large;\">Curriculum Vitae<\/span><\/strong><\/td>\n<\/tr>\n<tr valign=\"top\">\n<td colspan=\"2\">\n<div align=\"left\"><strong>Informa\u0163ii personale<\/strong><\/div>\n<\/td>\n<\/tr>\n<tr valign=\"top\">\n<td width=\"29%\">\n<div align=\"right\">Nume \/ Prenume<\/div>\n<\/td>\n<td width=\"71%\"><strong>Bucur Cristian Viorel<\/strong><\/td>\n<\/tr>\n<tr valign=\"top\">\n<td>\n<div align=\"right\">Adresa<\/div>\n<\/td>\n<td>Bucure\u015fti (Rom\u00e2nia)<\/td>\n<\/tr>\n<tr valign=\"top\">\n<td>\n<div align=\"right\">E-mail<\/div>\n<\/td>\n<td>cristian.bucur@rarom.ro<\/td>\n<\/tr>\n<tr valign=\"top\">\n<td>\n<div align=\"right\">Na\u0163ionalitate<\/div>\n<\/td>\n<td>Rom\u00e2n\u0103<\/td>\n<\/tr>\n<tr valign=\"top\">\n<td>\n<div align=\"right\">Data na\u015fterii<\/div>\n<\/td>\n<td>20\/02\/1965<\/td>\n<\/tr>\n<tr valign=\"top\">\n<td><\/td>\n<td><\/td>\n<\/tr>\n<tr valign=\"top\">\n<td colspan=\"2\">\n<div align=\"left\"><strong>EXPERIEN\u0162A PROFESIONAL\u0102<\/strong><\/div>\n<\/td>\n<\/tr>\n<tr valign=\"top\">\n<td>\n<div align=\"right\">Perioada<\/div>\n<\/td>\n<td>Martie, 2022 &#8211; prezent<br \/>\nFebruarie, 2015 &#8211; Iulie, 2020<\/td>\n<\/tr>\n<tr valign=\"top\">\n<td>\n<div align=\"right\">Func\u0163ia<br \/>\nsau postul ocupat<\/div>\n<\/td>\n<td><strong>Director Tehnic<\/strong><\/td>\n<\/tr>\n<tr valign=\"top\">\n<td height=\"160\">\n<div align=\"right\">Activit\u0103\u0163i \u015fi<br \/>\nresponsabilit\u0103\u0163i<br \/>\nprincipale<\/div>\n<\/td>\n<td style=\"text-align: justify;\">Coordonarea activit\u0103\u0163ilor specifice RAR desf\u0103\u015furate \u00een cadrul Direc\u0163iei Tehnice, \u00eentre care se disting: omologarea de tip a vehiculelor, sistemelor \u015fi componentelor acestora, omologarea individual\u0103 a vehiculelor, \u00eenregistrarea na\u0163ional\u0103 de tip, eliberarea C\u0103r\u0163ii de Identitate a Vehiculului, stabilirea caracteristicilor tehnice ale vehiculelor rutiere \u015fi \u00eencadrarea \u00een categoriile de folosin\u0163\u0103 conform destina\u0163iei, \u00eencadrarea autovehiculelor \u00een normele de poluare chimic\u0103, \u00eencerc\u0103rile vehiculelor privind securitatea rutier\u0103, elaborarea proiectelor de acte normative privind activitatea RAR \u015fi monitorizarea legisla\u0163iei aplicabile, instruirea \u015fi atestarea personalului RAR \u015fi al altor agen\u0163i economici, certificarea autenticit\u0103\u0163ii vehiculelor, eliberarea Atestatului Tehnic \u00een cazul ma\u015finilor autopropulsate pentru lucr\u0103ri, determinarea anului de fabrica\u0163ie pentru vehicule, acordarea acceptului privind \u00eenlocuirea caroseriei\/\u015fasiului sau a motorului, eliberarea certificatelor de agreare m\u0103rfuri periculoase, m\u0103rfuri perisabile, taxi \u015fi \u015fcoal\u0103, clasificarea autocarelor pe stele \u015fi pe categorii de confort, participarea personalului RAR la Comitetele tehnice \u015fi Grupele de lucru ale Comisiei europene \u015fi ale Consiliului UE.<\/td>\n<\/tr>\n<tr valign=\"top\">\n<td>\n<div align=\"right\">Numele \u015fi adresa<br \/>\nangajatorului<\/div>\n<\/td>\n<td>Registrul Auto Rom\u00e2n R.A.<br \/>\nCalea Grivi\u0163ei 391 A, sector 1, Bucure\u015fti, 010719<br \/>\nBucure\u015fti (Rom\u00e2nia)<\/td>\n<\/tr>\n<tr valign=\"top\">\n<td>\n<div align=\"right\">Tipul activit\u0103\u0163ii<br \/>\nsau sectorul<br \/>\nde activitate<\/div>\n<\/td>\n<td>Direc\u0163ia Tehnic\u0103<\/td>\n<\/tr>\n<tr valign=\"top\">\n<td><\/td>\n<td><\/td>\n<\/tr>\n<tr valign=\"top\">\n<td>\n<div align=\"right\">Perioada<\/div>\n<\/td>\n<td>Iulie, 2020 &#8211; Martie, 2022<br \/>\nOctombrie, 1999 &#8211; Februarie, 2015<\/td>\n<\/tr>\n<tr valign=\"top\">\n<td>\n<div align=\"right\">Func\u0163ia<br \/>\nsau postul ocupat<\/div>\n<\/td>\n<td><strong>\u015eef Departament<\/strong><\/td>\n<\/tr>\n<tr valign=\"top\">\n<td height=\"107\">\n<div align=\"right\">Activit\u0103\u0163i \u015fi<br \/>\nresponsabilit\u0103\u0163i<br \/>\nprincipale<\/div>\n<\/td>\n<td>\n<div style=\"text-align: justify;\" align=\"left\">Documentarea, implementarea \u015fi coordonarea activit\u0103\u0163ilor specifice departamentului, \u00een Bucure\u015fti \u015fi la cele 40 reprezentan\u0163e teritoriale: eliberarea C\u0103r\u0163ii de Identitate a Vehiculului, omologarea individual\u0103 \u00een vederea primei \u00eenmatricul\u0103ri \u00een Rom\u00e2nia, certificarea autenticit\u0103\u0163ii vehiculelor, verificarea st\u0103rii tehnice a vehiculelor, eliberarea certificatelor de agreare m\u0103rfuri periculoase, m\u0103rfuri perisabile, taxi \u015fi \u015fcoal\u0103, clasificarea autocarelor pe categorii de confort etc.<\/div>\n<\/td>\n<\/tr>\n<tr valign=\"top\">\n<td>\n<div align=\"right\">Numele \u015fi adresa<br \/>\nangajatorului<\/div>\n<\/td>\n<td>Registrul Auto Rom\u00e2n R.A.<br \/>\nCalea Grivi\u0163ei 391 A, sector 1, Bucure\u015fti, 010719<br \/>\nBucure\u015fti (Rom\u00e2nia)<\/td>\n<\/tr>\n<tr valign=\"top\">\n<td>\n<div align=\"right\">Tipul activit\u0103\u0163ii<br \/>\nsau sectorul<br \/>\nde activitate<\/div>\n<\/td>\n<td>Departamentul de Omolog\u0103ri Individuale \u015fi Inspec\u0163ii Tehnice<\/td>\n<\/tr>\n<tr valign=\"top\">\n<td><\/td>\n<td><\/td>\n<\/tr>\n<tr valign=\"top\">\n<td height=\"22\">\n<div align=\"right\">Perioada<\/div>\n<\/td>\n<td>Noiembrie, 1997 &#8211; Octombrie, 1999<\/td>\n<\/tr>\n<tr valign=\"top\">\n<td>\n<div align=\"right\">Func\u0163ia<br \/>\nsau postul ocupat<\/div>\n<\/td>\n<td><strong>\u015eef Departament<\/strong><\/td>\n<\/tr>\n<tr valign=\"top\">\n<td height=\"66\">\n<div align=\"right\">Activit\u0103\u0163i \u015fi<br \/>\nresponsabilit\u0103\u0163i<br \/>\nprincipale<\/div>\n<\/td>\n<td>\n<div style=\"text-align: justify;\" align=\"left\">Documentarea \u015fi implementarea \u00een cadrul Registrului Auto Rom\u00e2n a Sistemului de Calitate av\u00e2nd ca referen\u0163ial SR EN ISO 9001:1995<\/div>\n<\/td>\n<\/tr>\n<tr valign=\"top\">\n<td height=\"63\">\n<div align=\"right\">Numele \u015fi adresa<br \/>\nangajatorului<\/div>\n<\/td>\n<td>Registrul Auto Rom\u00e2n R.A.<br \/>\nCalea Grivi\u0163ei 391 A, sector 1, Bucure\u015fti, 010719<br \/>\nBucure\u015fti (Rom\u00e2nia)<\/td>\n<\/tr>\n<tr valign=\"top\">\n<td>\n<div align=\"right\">Tipul activit\u0103\u0163ii<br \/>\nsau sectorul<br \/>\nde activitate<\/div>\n<\/td>\n<td>Departamentul Calitate<\/td>\n<\/tr>\n<tr valign=\"top\">\n<td><\/td>\n<td><\/td>\n<\/tr>\n<tr valign=\"top\">\n<td>\n<div align=\"right\">Perioada<\/div>\n<\/td>\n<td>Februarie, 1993 &#8211; Noiembrie, 1997<\/td>\n<\/tr>\n<tr valign=\"top\">\n<td>\n<div align=\"right\">Func\u0163ia<br \/>\nsau postul ocupat<\/div>\n<\/td>\n<td><strong>Inginer<\/strong><\/td>\n<\/tr>\n<tr valign=\"top\">\n<td height=\"104\">\n<div align=\"right\">Activit\u0103\u0163i \u015fi<br \/>\nresponsabilit\u0103\u0163i<br \/>\nprincipale<\/div>\n<\/td>\n<td>\n<div style=\"text-align: justify;\" align=\"left\">Eliberarea \u00een regim individual a C\u0103r\u0163ii de Identitate a Vehiculului, dup\u0103 verificarea \u00eendeplinirii de c\u0103tre vehiculele rutiere a condi\u0163iilor tehnice \u00een vederea admiterii lor \u00een circula\u0163ie pe drumurile publice din Rom\u00e2nia. \u00cen plus, \u00eencep\u00e2nd din iunie 1995, Auditor (\u00eentre 1996 \u015fi 1999 \u00eenregistrat IRCA &#8211; Registrul Interna\u0163ional al Auditorilor Certifica\u0163i, Marea Britanie) pentru Organismul de Certificare Sisteme ale Calit\u0103\u0163ii &#8211; Registrul Auto Rom\u00e2n.<\/div>\n<\/td>\n<\/tr>\n<tr valign=\"top\">\n<td height=\"60\">\n<div align=\"right\">Numele \u015fi adresa<br \/>\nangajatorului<\/div>\n<\/td>\n<td>Registrul Auto Rom\u00e2n R.A.<br \/>\nCalea Grivi\u0163ei 391 A, sector 1, Bucure\u015fti, 010719<br \/>\nBucure\u015fti (Rom\u00e2nia)<\/td>\n<\/tr>\n<tr valign=\"top\">\n<td>\n<div align=\"right\">Tipul activit\u0103\u0163ii<br \/>\nsau sectorul<br \/>\nde activitate<\/div>\n<\/td>\n<td>Departamentul de Omolog\u0103ri Individuale \u015fi Inspec\u0163ii Tehnice<\/td>\n<\/tr>\n<tr valign=\"top\">\n<td><\/td>\n<td><\/td>\n<\/tr>\n<tr valign=\"top\">\n<td>\n<div align=\"right\">Perioada<\/div>\n<\/td>\n<td>Noiembrie, 1990 &#8211; Februarie, 1993<\/td>\n<\/tr>\n<tr valign=\"top\">\n<td>\n<div align=\"right\">Func\u0163ia<br \/>\nsau postul ocupat<\/div>\n<\/td>\n<td><strong>Inginer de exploatare auto<\/strong><\/td>\n<\/tr>\n<tr valign=\"top\">\n<td height=\"63\">\n<div align=\"right\">Activit\u0103\u0163i \u015fi<br \/>\nresponsabilit\u0103\u0163i<br \/>\nprincipale<\/div>\n<\/td>\n<td>\n<div align=\"left\">Eviden\u0163\u0103 parc auto, repara\u0163ii.<\/div>\n<\/td>\n<\/tr>\n<tr valign=\"top\">\n<td height=\"61\">\n<div align=\"right\">Numele \u015fi adresa<br \/>\nangajatorului<\/div>\n<\/td>\n<td>TRANSCOLECTA<br \/>\nBucure\u015fti (Rom\u00e2nia)<\/td>\n<\/tr>\n<tr valign=\"top\">\n<td>\n<div align=\"right\">Tipul activit\u0103\u0163ii<br \/>\nsau sectorul<br \/>\nde activitate<\/div>\n<\/td>\n<td>Serviciul tehnic<\/td>\n<\/tr>\n<tr valign=\"top\">\n<td><\/td>\n<td><\/td>\n<\/tr>\n<tr valign=\"top\">\n<td>\n<div align=\"right\">Perioada<\/div>\n<\/td>\n<td>Octombrie, 1989 &#8211; Noiembrie, 1990<\/td>\n<\/tr>\n<tr valign=\"top\">\n<td>\n<div align=\"right\">Func\u0163ia<br \/>\nsau postul ocupat<\/div>\n<\/td>\n<td><strong>Inginer de repara\u0163ii auto<\/strong><\/td>\n<\/tr>\n<tr valign=\"top\">\n<td height=\"62\">\n<div align=\"right\">Activit\u0103\u0163i \u015fi<br \/>\nresponsabilit\u0103\u0163i<br \/>\nprincipale<\/div>\n<\/td>\n<td>\n<div align=\"left\">Eviden\u0163\u0103 repara\u0163ii prin schimb de agregate.<\/div>\n<\/td>\n<\/tr>\n<tr valign=\"top\">\n<td height=\"62\">\n<div align=\"right\">Numele \u015fi adresa<br \/>\nangajatorului<\/div>\n<\/td>\n<td>IUGTC (reparti\u0163ie guvernamental\u0103)<br \/>\nBucure\u015fti (Rom\u00e2nia)<\/td>\n<\/tr>\n<tr valign=\"top\">\n<td>\n<div align=\"right\">Tipul activit\u0103\u0163ii<br \/>\nsau sectorul<br \/>\nde activitate<\/div>\n<\/td>\n<td>Serviciul tehnic<\/td>\n<\/tr>\n<tr valign=\"top\">\n<td colspan=\"2\">\n<div align=\"left\"><strong>FORMARE<\/strong><\/div>\n<\/td>\n<\/tr>\n<tr valign=\"top\">\n<td>\n<div align=\"right\">Perioada<\/div>\n<\/td>\n<td>Septembrie, 1984 &#8211; Iunie, 1989<\/td>\n<\/tr>\n<tr valign=\"top\">\n<td height=\"83\">\n<div align=\"right\">Numele \u015fi tipul<br \/>\ninstitu\u0163iei de \u00eenv\u0103\u0163\u0103m\u00e2nt\/<br \/>\nfurnizorului de formare<\/div>\n<\/td>\n<td>Institutul Politehnic, Bucure\u015fti (Rom\u00e2nia)<br \/>\nFacultatea de Transporturi &#8211; cursuri de zi<br \/>\nSpecializarea: Autovehicule Rutiere<br \/>\nDiplom\u0103 de absolvire<\/td>\n<\/tr>\n<tr valign=\"top\">\n<td><\/td>\n<td><\/td>\n<\/tr>\n<tr valign=\"top\">\n<td>\n<div align=\"right\">Perioada<\/div>\n<\/td>\n<td>Septembrie, 1979 &#8211; Iunie, 1983<\/td>\n<\/tr>\n<tr valign=\"top\">\n<td>\n<div align=\"right\">Numele \u015fi tipul<br \/>\ninstitu\u0163iei de \u00eenv\u0103\u0163\u0103m\u00e2nt\/<br \/>\nfurnizorului de formare<\/div>\n<\/td>\n<td>Liceul de Matematic\u0103-Fizic\u0103 nr.3, Bucure\u015fti (Rom\u00e2nia)<br \/>\nProfil: Matematic\u0103-Fizic\u0103<br \/>\nDiplom\u0103 de Bacalaureat<\/td>\n<\/tr>\n<tr valign=\"top\">\n<td><\/td>\n<td><\/td>\n<\/tr>\n<tr valign=\"top\">\n<td style=\"text-align: right;\">\u00a0Perioada<\/td>\n<td>\u00a030 Octombrie &#8211; 1 Noiembrie, 2019<\/td>\n<\/tr>\n<tr valign=\"top\">\n<td><\/td>\n<td style=\"text-align: justify;\">\u00a0\u201eExpert Prevenire \u0219i Combatere a Corup\u021biei\u201d, Bucure\u0219ti &#8211; Rom\u00e2nia. Program de ini\u021biere\/perfec\u021bionare\/specializare, organizat de SC ABT Consultan\u021b\u0103 \u00een Management SRL.<br \/>\nCertificat de absolvire seria M nr.00166554, Ministerul Muncii \u0219i Justi\u021biei Sociale \/ Ministerul Educa\u021biei Na\u021bionale.<\/td>\n<\/tr>\n<tr valign=\"top\">\n<td><\/td>\n<td><\/td>\n<\/tr>\n<tr valign=\"top\">\n<td style=\"text-align: right;\">\u00a0\u00a0Perioada<\/td>\n<td>\u00a0Octombrie, 2018<\/td>\n<\/tr>\n<tr valign=\"top\">\n<td><\/td>\n<td style=\"text-align: justify;\">\u00a0\u201eDiscu\u021bie de evaluare a performan\u021bei\u201d, Bucure\u0219ti &#8211; Rom\u00e2nia. Program de preg\u0103tire organizat de SC Transearch International SRL.<br \/>\nDiplom\u0103 de absolvire<\/td>\n<\/tr>\n<tr valign=\"top\">\n<td><\/td>\n<td><\/td>\n<\/tr>\n<tr valign=\"top\">\n<td style=\"text-align: right;\">\u00a0\u00a0Perioada<\/td>\n<td>\u00a024 &#8211; 25 August, 2016<\/td>\n<\/tr>\n<tr valign=\"top\">\n<td><\/td>\n<td style=\"text-align: justify;\">\u00a0\u201eImplementarea \u0219i Evaluarea Sistemului de Control Intern Managerial\u201d, Bucure\u0219ti &#8211; Rom\u00e2nia. Curs de formare organizat de c\u0103tre Centrul Regional de Formare Continu\u0103 (Mi\u0219carea Rom\u00e2n\u0103 pentru Calitate).<br \/>\nCertificat de absolvire.<\/td>\n<\/tr>\n<tr valign=\"top\">\n<td><\/td>\n<td><\/td>\n<\/tr>\n<tr valign=\"top\">\n<td>\n<div align=\"right\">Perioada<\/div>\n<\/td>\n<td>28 &#8211; 30 Septembrie, 2011<\/td>\n<\/tr>\n<tr valign=\"top\">\n<td>\n<div align=\"right\">Cursul<\/div>\n<\/td>\n<td style=\"text-align: justify;\">&#8222;Investigare fraude auto&#8221;, Bucure\u015fti &#8211; Rom\u00e2nia. Curs de formare organizat de c\u0103tre Asocia\u0163ia Interna\u0163ional\u0103 a Investigatorilor de Furturi Auto &#8211; filiala european\u0103.<br \/>\nCertificat de absolvire.<\/td>\n<\/tr>\n<tr valign=\"top\">\n<td><\/td>\n<td><\/td>\n<\/tr>\n<tr valign=\"top\">\n<td>\n<div align=\"right\">Perioada<\/div>\n<\/td>\n<td>3 &#8211; 7 Octombrie, 1994<\/td>\n<\/tr>\n<tr valign=\"top\">\n<td height=\"25\">\n<div align=\"right\">Cursul<\/div>\n<\/td>\n<td style=\"text-align: justify;\">&#8222;Auditor\/Auditor \u015eef&#8221;, Bucure\u015fti &#8211; Rom\u00e2nia. Curs de formare organizat de c\u0103tre GCT Associates Ltd.&amp; SMG Associates. Certificat de absolvire.<\/td>\n<\/tr>\n<tr valign=\"top\">\n<td><\/td>\n<td><\/td>\n<\/tr>\n<tr valign=\"top\">\n<td colspan=\"2\">\n<div align=\"left\"><strong>COMPETEN\u0162E PERSONALE<\/strong><\/div>\n<\/td>\n<\/tr>\n<tr valign=\"top\">\n<td>\n<div align=\"right\">Limba matern\u0103<\/div>\n<\/td>\n<td>Rom\u00e2n\u0103<\/td>\n<\/tr>\n<tr valign=\"top\">\n<td>\n<div align=\"right\">\n<p>Alte limbi str\u0103ine cunoscute<br \/>\nAutoevaluare<\/p>\n<p>Spaniol\u0103<\/p>\n<p>Englez\u0103<\/p>\n<\/div>\n<p>&nbsp;<\/td>\n<td>\n<table border=\"0\" width=\"100%\">\n<tbody>\n<tr>\n<td colspan=\"2\" align=\"center\">\u00ceN\u0162ELEGERE<\/td>\n<td colspan=\"2\" align=\"center\">VORBIRE<\/td>\n<td align=\"center\">SCRIERE<\/td>\n<\/tr>\n<tr>\n<td align=\"center\">Ascultare<\/td>\n<td align=\"center\">Citire<\/td>\n<td align=\"center\">Participare la conversa\u0163ie<\/td>\n<td align=\"center\">Discurs oral<\/td>\n<td align=\"center\"><\/td>\n<\/tr>\n<tr>\n<td align=\"center\">C1<\/td>\n<td align=\"center\">C2<\/td>\n<td align=\"center\">C1<\/td>\n<td align=\"center\">B2<\/td>\n<td align=\"center\">C2<\/td>\n<\/tr>\n<tr bgcolor=\"#e2e2e2\">\n<td colspan=\"5\" align=\"center\" bgcolor=\"#e2e2e2\"><\/td>\n<\/tr>\n<tr>\n<td align=\"center\">C1<\/td>\n<td align=\"center\">C1<\/td>\n<td align=\"center\">B2<\/td>\n<td align=\"center\">B1<\/td>\n<td align=\"center\">C1<\/td>\n<\/tr>\n<tr bgcolor=\"#e2e2e2\">\n<td colspan=\"5\"><\/td>\n<\/tr>\n<tr>\n<td colspan=\"5\">Niveluri: A1\/2: Utilizator elementar &#8211; B1\/2: Utilizator independent &#8211; C1\/2: Utilizator experimentat<br \/>\nCadrul european comun de referin\u0163\u0103 pentru limbi str\u0103ine<\/td>\n<\/tr>\n<\/tbody>\n<\/table>\n<\/td>\n<\/tr>\n<tr valign=\"top\">\n<td height=\"46\">\n<div style=\"text-align: left;\" align=\"right\"><strong>INFORMA\u0162II SUPLIMENTARE<\/strong><\/div>\n<\/td>\n<td>\n<div align=\"left\">Principial, abilit\u0103\u0163i de comunicare, capacitate de organizare, putere de esen\u0163ializare.<br \/>\nUtilizare computer: nivel avansat.<\/div>\n<\/td>\n<\/tr>\n<tr valign=\"top\">\n<td>\n<div align=\"right\"><strong>Permis de conducere<\/strong><\/div>\n<\/td>\n<td>categoriile B \u015fi C din anul 1985.<\/td>\n<\/tr>\n<\/tbody>\n<\/table>\n","protected":false},"template":"","class_list":["post-278","management","type-management","status-publish","hentry"],"acf":[],"_links":{"self":[{"href":"https:\/\/www.rarom.ro\/index.php?rest_route=\/wp\/v2\/management\/278","targetHints":{"allow":["GET"]}}],"collection":[{"href":"https:\/\/www.rarom.ro\/index.php?rest_route=\/wp\/v2\/management"}],"about":[{"href":"https:\/\/www.rarom.ro\/index.php?rest_route=\/wp\/v2\/types\/management"}],"wp:attachment":[{"href":"https:\/\/www.rarom.ro\/index.php?rest_route=%2Fwp%2Fv2%2Fmedia&parent=278"}],"curies":[{"name":"wp","href":"https:\/\/api.w.org\/{rel}","templated":true}]}}